{"id":9699,"date":"2025-04-08T15:48:30","date_gmt":"2025-04-08T13:48:30","guid":{"rendered":"https:\/\/martina-gleissenebner-teskey.com\/?post_type=sc_event&#038;p=9699"},"modified":"2025-04-08T15:48:30","modified_gmt":"2025-04-08T13:48:30","slug":"estee-lauder-and-paulina-porizkova","status":"publish","type":"sc_event","link":"https:\/\/martina-gleissenebner-teskey.com\/en\/events\/estee-lauder-und-paulina-porizkova\/","title":{"rendered":"Est\u00e9e Lauder and Paulina Porizkova"},"content":{"rendered":"<p>At the invitation of Est\u00e9e Lauder Germany in Paris. To mark the return of supermodel Paulina Porizkova as the face of the brand and her upcoming 60th birthday, there was a sumptuous gala dinner, followed the next day by an inspiring exchange with the birthday girl and Aerin Lauder.<\/p>\n<p>Read more <a href=\"https:\/\/martina-gleissenebner-teskey.com\/en\/2025\/04\/06\/with-estee-lauder-and-paulina-porizkova-in-paris\/\"><strong>Here.<\/strong><\/a><\/p>","protected":false},"excerpt":{"rendered":"<p>Auf Einladung von Est\u00e9e Lauder Deutschland in Paris. Anl\u00e4sslich der R\u00fcckkehr von Supermodel Paulina Porizkova als das Gesicht der Marke und deren anstehenden 60. Geburtstag, gab es ein pr\u00e4chtiges Galadinner,&#8230;<\/p>","protected":false},"featured_media":9660,"template":"","sc_event_category":[11],"sc_event_tags":[],"class_list":{"0":"post-9699","1":"sc_event","2":"type-sc_event","3":"status-publish","4":"has-post-thumbnail","6":"sc_event_category-private-events"},"yoast_head":"<!-- This site is optimized with the Yoast SEO Premium plugin v26.7 (Yoast SEO v27.5) - https:\/\/yoast.com\/product\/yoast-seo-premium-wordpress\/ -->\n<title>Est\u00e9e Lauder und Paulina Porizkova - Martina Gleissenebner-Teskey<\/title>\n<meta name=\"description\" content=\"Einladung zum Launch der neuen Kampagne von Est\u00e9e Lauder mit Paulina Porizkova nach Paris und Geburtstagsdinner\" \/>\n<meta name=\"robots\" content=\"index, follow, max-snippet:-1, max-image-preview:large, max-video-preview:-1\" \/>\n<link rel=\"canonical\" href=\"https:\/\/martina-gleissenebner-teskey.com\/en\/events\/estee-lauder-and-paulina-porizkova\/\" \/>\n<meta property=\"og:locale\" content=\"en_US\" \/>\n<meta property=\"og:type\" content=\"article\" \/>\n<meta property=\"og:title\" content=\"Est\u00e9e Lauder und Paulina Porizkova\" \/>\n<meta property=\"og:description\" content=\"Einladung zum Launch der neuen Kampagne von Est\u00e9e Lauder mit Paulina Porizkova nach Paris und Geburtstagsdinner\" \/>\n<meta property=\"og:url\" content=\"https:\/\/martina-gleissenebner-teskey.com\/en\/events\/estee-lauder-and-paulina-porizkova\/\" \/>\n<meta property=\"og:site_name\" content=\"Martina Gleissenebner-Teskey\" \/>\n<meta property=\"article:publisher\" content=\"https:\/\/www.facebook.com\/martina.gleissenebnerteskey.training\/\" \/>\n<meta property=\"og:image\" content=\"https:\/\/martina-gleissenebner-teskey.com\/wp-content\/uploads\/2025\/04\/EL_PARIS_DAY1_PP60-53.jpg\" \/>\n\t<meta property=\"og:image:width\" content=\"1024\" \/>\n\t<meta property=\"og:image:height\" content=\"1536\" \/>\n\t<meta property=\"og:image:type\" content=\"image\/jpeg\" \/>\n<meta name=\"twitter:card\" content=\"summary_large_image\" \/>\n<meta name=\"twitter:label1\" content=\"Est. reading time\" \/>\n\t<meta name=\"twitter:data1\" content=\"1 minute\" \/>\n<script type=\"application\/ld+json\" class=\"yoast-schema-graph\">{\"@context\":\"https:\\\/\\\/schema.org\",\"@graph\":[{\"@type\":\"WebPage\",\"@id\":\"https:\\\/\\\/martina-gleissenebner-teskey.com\\\/events\\\/estee-lauder-und-paulina-porizkova\\\/\",\"url\":\"https:\\\/\\\/martina-gleissenebner-teskey.com\\\/events\\\/estee-lauder-und-paulina-porizkova\\\/\",\"name\":\"Est\u00e9e Lauder und Paulina Porizkova - Martina Gleissenebner-Teskey\",\"isPartOf\":{\"@id\":\"https:\\\/\\\/martina-gleissenebner-teskey.com\\\/#website\"},\"primaryImageOfPage\":{\"@id\":\"https:\\\/\\\/martina-gleissenebner-teskey.com\\\/events\\\/estee-lauder-und-paulina-porizkova\\\/#primaryimage\"},\"image\":{\"@id\":\"https:\\\/\\\/martina-gleissenebner-teskey.com\\\/events\\\/estee-lauder-und-paulina-porizkova\\\/#primaryimage\"},\"thumbnailUrl\":\"https:\\\/\\\/martina-gleissenebner-teskey.com\\\/wp-content\\\/uploads\\\/2025\\\/04\\\/EL_PARIS_DAY1_PP60-53.jpg\",\"datePublished\":\"2025-04-08T13:48:30+00:00\",\"description\":\"Einladung zum Launch der neuen Kampagne von Est\u00e9e Lauder mit Paulina Porizkova nach Paris und Geburtstagsdinner\",\"breadcrumb\":{\"@id\":\"https:\\\/\\\/martina-gleissenebner-teskey.com\\\/events\\\/estee-lauder-und-paulina-porizkova\\\/#breadcrumb\"},\"inLanguage\":\"en-US\",\"potentialAction\":[{\"@type\":\"ReadAction\",\"target\":[\"https:\\\/\\\/martina-gleissenebner-teskey.com\\\/events\\\/estee-lauder-und-paulina-porizkova\\\/\"]}]},{\"@type\":\"ImageObject\",\"inLanguage\":\"en-US\",\"@id\":\"https:\\\/\\\/martina-gleissenebner-teskey.com\\\/events\\\/estee-lauder-und-paulina-porizkova\\\/#primaryimage\",\"url\":\"https:\\\/\\\/martina-gleissenebner-teskey.com\\\/wp-content\\\/uploads\\\/2025\\\/04\\\/EL_PARIS_DAY1_PP60-53.jpg\",\"contentUrl\":\"https:\\\/\\\/martina-gleissenebner-teskey.com\\\/wp-content\\\/uploads\\\/2025\\\/04\\\/EL_PARIS_DAY1_PP60-53.jpg\",\"width\":1024,\"height\":1536,\"caption\":\"Foto von ShotzbyAlex\"},{\"@type\":\"BreadcrumbList\",\"@id\":\"https:\\\/\\\/martina-gleissenebner-teskey.com\\\/events\\\/estee-lauder-und-paulina-porizkova\\\/#breadcrumb\",\"itemListElement\":[{\"@type\":\"ListItem\",\"position\":1,\"name\":\"Startseite\",\"item\":\"https:\\\/\\\/martina-gleissenebner-teskey.com\\\/\"},{\"@type\":\"ListItem\",\"position\":2,\"name\":\"Veranstaltungen\",\"item\":\"https:\\\/\\\/martina-gleissenebner-teskey.com\\\/events\\\/\"},{\"@type\":\"ListItem\",\"position\":3,\"name\":\"Est\u00e9e Lauder und Paulina Porizkova\"}]},{\"@type\":\"WebSite\",\"@id\":\"https:\\\/\\\/martina-gleissenebner-teskey.com\\\/#website\",\"url\":\"https:\\\/\\\/martina-gleissenebner-teskey.com\\\/\",\"name\":\"Martina Gleissenebner-Teskey\",\"description\":\"The Personality Entrepreneur\",\"potentialAction\":[{\"@type\":\"SearchAction\",\"target\":{\"@type\":\"EntryPoint\",\"urlTemplate\":\"https:\\\/\\\/martina-gleissenebner-teskey.com\\\/?s={search_term_string}\"},\"query-input\":{\"@type\":\"PropertyValueSpecification\",\"valueRequired\":true,\"valueName\":\"search_term_string\"}}],\"inLanguage\":\"en-US\"}]}<\/script>\n<!-- \/ Yoast SEO Premium plugin. -->","yoast_head_json":{"title":"Est\u00e9e Lauder and Paulina Porizkova - Martina Gleissenebner-Teskey","description":"Invitation to the launch of the new Est\u00e9e Lauder campaign with Paulina Porizkova in Paris and birthday dinner","robots":{"index":"index","follow":"follow","max-snippet":"max-snippet:-1","max-image-preview":"max-image-preview:large","max-video-preview":"max-video-preview:-1"},"canonical":"https:\/\/martina-gleissenebner-teskey.com\/en\/events\/estee-lauder-and-paulina-porizkova\/","og_locale":"en_US","og_type":"article","og_title":"Est\u00e9e Lauder und Paulina Porizkova","og_description":"Einladung zum Launch der neuen Kampagne von Est\u00e9e Lauder mit Paulina Porizkova nach Paris und Geburtstagsdinner","og_url":"https:\/\/martina-gleissenebner-teskey.com\/en\/events\/estee-lauder-and-paulina-porizkova\/","og_site_name":"Martina Gleissenebner-Teskey","article_publisher":"https:\/\/www.facebook.com\/martina.gleissenebnerteskey.training\/","og_image":[{"width":1024,"height":1536,"url":"https:\/\/martina-gleissenebner-teskey.com\/wp-content\/uploads\/2025\/04\/EL_PARIS_DAY1_PP60-53.jpg","type":"image\/jpeg"}],"twitter_card":"summary_large_image","twitter_misc":{"Est. reading time":"1 minute"},"schema":{"@context":"https:\/\/schema.org","@graph":[{"@type":"WebPage","@id":"https:\/\/martina-gleissenebner-teskey.com\/events\/estee-lauder-und-paulina-porizkova\/","url":"https:\/\/martina-gleissenebner-teskey.com\/events\/estee-lauder-und-paulina-porizkova\/","name":"Est\u00e9e Lauder and Paulina Porizkova - Martina Gleissenebner-Teskey","isPartOf":{"@id":"https:\/\/martina-gleissenebner-teskey.com\/#website"},"primaryImageOfPage":{"@id":"https:\/\/martina-gleissenebner-teskey.com\/events\/estee-lauder-und-paulina-porizkova\/#primaryimage"},"image":{"@id":"https:\/\/martina-gleissenebner-teskey.com\/events\/estee-lauder-und-paulina-porizkova\/#primaryimage"},"thumbnailUrl":"https:\/\/martina-gleissenebner-teskey.com\/wp-content\/uploads\/2025\/04\/EL_PARIS_DAY1_PP60-53.jpg","datePublished":"2025-04-08T13:48:30+00:00","description":"Invitation to the launch of the new Est\u00e9e Lauder campaign with Paulina Porizkova in Paris and birthday dinner","breadcrumb":{"@id":"https:\/\/martina-gleissenebner-teskey.com\/events\/estee-lauder-und-paulina-porizkova\/#breadcrumb"},"inLanguage":"en-US","potentialAction":[{"@type":"ReadAction","target":["https:\/\/martina-gleissenebner-teskey.com\/events\/estee-lauder-und-paulina-porizkova\/"]}]},{"@type":"ImageObject","inLanguage":"en-US","@id":"https:\/\/martina-gleissenebner-teskey.com\/events\/estee-lauder-und-paulina-porizkova\/#primaryimage","url":"https:\/\/martina-gleissenebner-teskey.com\/wp-content\/uploads\/2025\/04\/EL_PARIS_DAY1_PP60-53.jpg","contentUrl":"https:\/\/martina-gleissenebner-teskey.com\/wp-content\/uploads\/2025\/04\/EL_PARIS_DAY1_PP60-53.jpg","width":1024,"height":1536,"caption":"Foto von ShotzbyAlex"},{"@type":"BreadcrumbList","@id":"https:\/\/martina-gleissenebner-teskey.com\/events\/estee-lauder-und-paulina-porizkova\/#breadcrumb","itemListElement":[{"@type":"ListItem","position":1,"name":"Startseite","item":"https:\/\/martina-gleissenebner-teskey.com\/"},{"@type":"ListItem","position":2,"name":"Veranstaltungen","item":"https:\/\/martina-gleissenebner-teskey.com\/events\/"},{"@type":"ListItem","position":3,"name":"Est\u00e9e Lauder und Paulina Porizkova"}]},{"@type":"WebSite","@id":"https:\/\/martina-gleissenebner-teskey.com\/#website","url":"https:\/\/martina-gleissenebner-teskey.com\/","name":"Martina Gleissenebner-Teskey","description":"The Personality Entrepreneur","potentialAction":[{"@type":"SearchAction","target":{"@type":"EntryPoint","urlTemplate":"https:\/\/martina-gleissenebner-teskey.com\/?s={search_term_string}"},"query-input":{"@type":"PropertyValueSpecification","valueRequired":true,"valueName":"search_term_string"}}],"inLanguage":"en-US"}]}},"_links":{"self":[{"href":"https:\/\/martina-gleissenebner-teskey.com\/en\/wp-json\/wp\/v2\/sc_event\/9699","targetHints":{"allow":["GET"]}}],"collection":[{"href":"https:\/\/martina-gleissenebner-teskey.com\/en\/wp-json\/wp\/v2\/sc_event"}],"about":[{"href":"https:\/\/martina-gleissenebner-teskey.com\/en\/wp-json\/wp\/v2\/types\/sc_event"}],"version-history":[{"count":1,"href":"https:\/\/martina-gleissenebner-teskey.com\/en\/wp-json\/wp\/v2\/sc_event\/9699\/revisions"}],"predecessor-version":[{"id":9700,"href":"https:\/\/martina-gleissenebner-teskey.com\/en\/wp-json\/wp\/v2\/sc_event\/9699\/revisions\/9700"}],"wp:featuredmedia":[{"embeddable":true,"href":"https:\/\/martina-gleissenebner-teskey.com\/en\/wp-json\/wp\/v2\/media\/9660"}],"wp:attachment":[{"href":"https:\/\/martina-gleissenebner-teskey.com\/en\/wp-json\/wp\/v2\/media?parent=9699"}],"wp:term":[{"taxonomy":"sc_event_category","embeddable":true,"href":"https:\/\/martina-gleissenebner-teskey.com\/en\/wp-json\/wp\/v2\/sc_event_category?post=9699"},{"taxonomy":"sc_event_tags","embeddable":true,"href":"https:\/\/martina-gleissenebner-teskey.com\/en\/wp-json\/wp\/v2\/sc_event_tags?post=9699"}],"curies":[{"name":"wp","href":"https:\/\/api.w.org\/{rel}","templated":true}]}}